{"id":11835,"date":"2025-04-26T10:35:57","date_gmt":"2025-04-26T08:35:57","guid":{"rendered":"https:\/\/www.hypernietzsche.org\/lisboa-2025-2\/"},"modified":"2025-11-07T18:21:44","modified_gmt":"2025-11-07T17:21:44","slug":"lisboa-2025","status":"publish","type":"page","link":"https:\/\/www.hypernietzsche.org\/es\/lisboa-2025\/","title":{"rendered":"Biennale Nietzscheana 2025 it"},"content":{"rendered":"<h1 style=\"text-align: center;\"><span style=\"color: #3366ff;\">Humanidade \/ Humanidades<\/span><\/h1>\n<p style=\"text-align: center;\"><span style=\"color: #000000;\"><span lang=\"DE\">Lisboa, 10-12 novembro 2025<br \/>\nNOVA \/ FCSH, Campus da Av. de Berna, Audit\u00f3rio B1<br \/>\n<\/span><\/span><\/p>\n<p>&nbsp;<\/p>\n<p><span style=\"color: #3366ff;\"><b>10 Novembre<\/b><span style=\"font-weight: 400;\"> ______________________________________________<\/span><\/span><\/p>\n<p><span style=\"font-weight: 400;\">10h-11h<\/span>\u00a0 \u00a0<b>Recep\u00e7\u00e3o<\/b><\/p>\n<p><span style=\"font-weight: 400;\">11h-11h30<\/span>\u00a0 \u00a0<b>Introdu\u00e7\u00e3o <\/b><span style=\"font-weight: 400;\">(P. Gori, P. D&#8217;Iorio e H. Heit)<\/span><\/p>\n<p><span style=\"font-weight: 400;\">11h30-13h\u00a0 \u00a0<\/span><b>Humanidade e Humanismo<\/b><\/p>\n<p><span style=\"font-weight: 400;\">Paolo D\u2019Iorio, <\/span><i><span style=\"font-weight: 400;\">L\u2019isola e l\u2019impero<\/span><\/i><\/p>\n<p><span style=\"font-weight: 400;\">Maria Cristina Fornari<\/span><i><span style=\"font-weight: 400;\">, Un uomo di l\u00e0 da venire: Nietzsche e il compito dell\u2019individuo<\/span><\/i><\/p>\n<p><span style=\"font-weight: 400;\">Helmut Heit, <\/span><i><span style=\"font-weight: 400;\">Nietzsche\u2019s Utopian Humanism<\/span><\/i><\/p>\n<p><span style=\"font-weight: 400;\">&#8211; \u00a0 &#8211; \u00a0 &#8211;\u00a0<\/span><\/p>\n<p><span style=\"font-weight: 400;\">15h-16<\/span>\u00a0 \u00a0<b>Educar a humanidade<\/b><\/p>\n<p><span style=\"font-weight: 400;\">Diego Sanchez Meca, <\/span><i><span style=\"font-weight: 400;\">La imagen de un ser humano libre y soberano<\/span><\/i><\/p>\n<p>Marina Garc\u00eda-Granero,\u00a0<em>Humanidad y humanidades en\u00a0\u201cWir Philologen\u201d<\/em><\/p>\n<p><span style=\"font-weight: 400;\">\u2013 Coffee Break \u2013<\/span><\/p>\n<p><span style=\"font-weight: 400;\">17h-18h<\/span>\u00a0 \u00a0<b>Cr\u00edtica<\/b><\/p>\n<p><span style=\"font-weight: 400;\">Carlo Gentili, <\/span><i><span style=\"font-weight: 400;\">\u00c4sthetische Menschlichkeiten: la critica dell\u2019\u201cantropomorfismo\u201d kantiano come presupposto di una diversa \u201cestetica\u201d di Nietzsche<\/span><\/i><\/p>\n<p><span style=\"font-weight: 400;\">Jo\u00e3o Const\u00e2ncio, <\/span><i><span style=\"font-weight: 400;\">A cr\u00edtica de Nietzsche ao conceito de sujeito<\/span><\/i><\/p>\n<p><span style=\"color: #3366ff;\"><b>11 Novembre<\/b><span style=\"font-weight: 400;\"> ______________________________________________<\/span><\/span><\/p>\n<p><span style=\"font-weight: 400;\">10h-11h30\u00a0 <\/span><b>\u00c9tica e morale<\/b><\/p>\n<p><span style=\"font-weight: 400;\">Rog\u00e9rio Lopes, <\/span><i><span style=\"font-weight: 400;\">O Perfeccionismo (nietzschiano), enquanto uma modalidade de hiperhumanismo, dispensa as Humanidades?<\/span><\/i><\/p>\n<p><span style=\"font-weight: 400;\">Danilo Bilate, <\/span><i><span style=\"font-weight: 400;\">Sobre a no\u00e7\u00e3o de \u201cesp\u00edrito\u201d<\/span><\/i><\/p>\n<p><span style=\"font-weight: 400;\">Jo\u00e3o Evangelista Tude de Melo Neto, <\/span><i><span style=\"font-weight: 400;\">O car\u00e1ter seletivo do eterno retorno e seu efeito sobre a civiliza\u00e7\u00e3o asc\u00e9tica<\/span><\/i><\/p>\n<p><span style=\"font-weight: 400;\">\u2013 Coffee Break \u2013<\/span><\/p>\n<p><span style=\"font-weight: 400;\">12h-13h00\u00a0 \u00a0<\/span><b>Humano e mais do que humano<\/b><\/p>\n<p><span style=\"font-weight: 400;\">Maria Jo\u00e3o Branco, <\/span><i><span style=\"font-weight: 400;\">\u201cO animal doente\u201d<\/span><\/i><\/p>\n<p><span style=\"font-weight: 400;\">Jes\u00fas Conill,<\/span><i><span style=\"font-weight: 400;\"> \u00bfQu\u00e9 es lo que nos hace humanos y m\u00e1s que humanos?<\/span><\/i><\/p>\n<p><span style=\"font-weight: 400;\">&#8211; \u00a0 &#8211; \u00a0 &#8211;<\/span><\/p>\n<p><span style=\"font-weight: 400;\">15h-16h30\u00a0 \u00a0<\/span><b>P\u00f3s-humanismo e trans-humanismo<\/b><\/p>\n<p><span style=\"font-weight: 400;\">Jo\u00e3o Nicol\u00e3o Juli\u00e3o, <\/span><i><span style=\"font-weight: 400;\">Humanismo e anti-humanismo em Nietzsche<\/span><\/i><\/p>\n<p><span style=\"font-weight: 400;\">Clademir Araldi, <\/span><i><span style=\"font-weight: 400;\">Nietzsche, o Humano, o demasiado Humano e o P\u00f3s-Humano<\/span><\/i><\/p>\n<p><span style=\"font-weight: 400;\">Vanessa Lemm<\/span><i><span style=\"font-weight: 400;\">, The Nietzsche-Transhumanism Debate<\/span><\/i><\/p>\n<p><span style=\"font-weight: 400;\">\u2013 Coffee Break \u2013<\/span><\/p>\n<p><span style=\"font-weight: 400;\">17h-18h\u00a0 \u00a0<\/span><b>Tipologias humanas<\/b><\/p>\n<p><span style=\"font-weight: 400;\">Luca Lupo, <\/span><i><span style=\"font-weight: 400;\">\u201eGesindel\u201c, Per una fenomenologia di un\u2019immagine dell\u2019umano<\/span><\/i><\/p>\n<p><span style=\"font-weight: 400;\">Paolo Stellino &amp; Pietro Gori,<\/span><i><span style=\"font-weight: 400;\"> O \u00abBom europeu\u00bb de Nietzsche<\/span><\/i><\/p>\n<p><span style=\"color: #3366ff;\"><b>12 Novembre<\/b><span style=\"font-weight: 400;\"> ______________________________________________<\/span><\/span><\/p>\n<p><span style=\"font-weight: 400;\">10h-11h30\u00a0 \u00a0<\/span><b>Rela\u00e7\u00f5es 1<\/b><\/p>\n<p><span style=\"font-weight: 400;\">Benedetta Zavatta,\u00a0<em>Nietzsche contro le idee di una comune natura umana e di differenti razze<\/em><\/span><\/p>\n<p><span style=\"font-weight: 400;\">Eder Corbanezi,\u00a0<i>Rousseau e Nietzsche: sobre os fundamentos das institui\u00e7\u00f5es sociopol\u00edticas<\/i><\/span><\/p>\n<p><span style=\"font-weight: 400;\">Carlotta Santini, <\/span><i><span style=\"font-weight: 400;\">Educare l&#8217;umanit\u00e0 attraverso l&#8217;ideale. Malwida von Meysenbug tra pensiero sociale e rivoluzione culturale<\/span><\/i><\/p>\n<p><span style=\"font-weight: 400;\">\u2013 Coffee Break \u2013<\/span><\/p>\n<p><span style=\"font-weight: 400;\">12h-13h30\u00a0 \u00a0<\/span><b>Rela\u00e7\u00f5es 2<\/b><\/p>\n<p><span style=\"font-weight: 400;\">Yannick Souladi\u00e9, <\/span><i><span style=\"font-weight: 400;\">Antiquit\u00e9, humanit\u00e9, surhumanit\u00e9 et affirmation de l\u2019homme. Le Surhomme \u00e0 la lumi\u00e8re du mythe d\u2019\u0152dipe.<\/span><\/i><\/p>\n<p><span style=\"font-weight: 400;\">Eduardo Nasser,<\/span><i><span style=\"font-weight: 400;\"> A lingu\u00edstica como ci\u00eancia do esp\u00edrito. Reflex\u00f5es sobre o confronto impl\u00edcito entre Nietzsche e Schleicher<\/span><\/i><\/p>\n<p><span style=\"font-weight: 400;\">Simone Zacchini, <\/span><i><span style=\"font-weight: 400;\">Nietzsche e l\u2019inattualit\u00e0 della cultura. Pier Paolo Pasolini e Giaime Pintor a Weimar nel 1942<\/span><\/i><\/p>\n<p><span style=\"font-weight: 400;\">&#8211; \u00a0 &#8211; \u00a0 &#8211;<\/span><\/p>\n<p><span style=\"font-weight: 400;\">15h-16h\u00a0 \u00a0<\/span><b>A humanidade em Nietzsche e a humanidade de Nietzsche<\/b><\/p>\n<p><span style=\"font-weight: 400;\">Vanessa Vidal<\/span><i><span style=\"font-weight: 400;\">, As\u00ed bail\u00f3 Zarathustra<\/span><\/i><\/p>\n<p><span style=\"font-weight: 400;\">Renate M\u00fcller-Buck, <\/span><i><span style=\"font-weight: 400;\">Nietzsche und K\u00f6selitz &#8211; ein menschlich-allzumenschliches Verh\u00e4ltnis<\/span><\/i><\/p>\n<p>&nbsp;<\/p>\n<p><img loading=\"lazy\" decoding=\"async\" class=\"alignnone wp-image-11150\" src=\"https:\/\/www.hypernietzsche.org\/wp-content\/uploads\/2023\/07\/5-Ifilnova-300x115.png\" alt=\"\" width=\"188\" height=\"72\" srcset=\"https:\/\/www.hypernietzsche.org\/wp-content\/uploads\/2023\/07\/5-Ifilnova-300x115.png 300w, https:\/\/www.hypernietzsche.org\/wp-content\/uploads\/2023\/07\/5-Ifilnova.png 320w\" sizes=\"auto, (max-width: 188px) 85vw, 188px\" \/><img loading=\"lazy\" decoding=\"async\" class=\"alignnone wp-image-11156\" src=\"https:\/\/www.hypernietzsche.org\/wp-content\/uploads\/2023\/07\/6-Lisbona-300x169.png\" alt=\"\" width=\"206\" height=\"116\" srcset=\"https:\/\/www.hypernietzsche.org\/wp-content\/uploads\/2023\/07\/6-Lisbona-300x169.png 300w, https:\/\/www.hypernietzsche.org\/wp-content\/uploads\/2023\/07\/6-Lisbona.png 320w\" sizes=\"auto, (max-width: 206px) 85vw, 206px\" \/><img loading=\"lazy\" decoding=\"async\" class=\"alignnone wp-image-11508\" src=\"https:\/\/www.hypernietzsche.org\/wp-content\/uploads\/2025\/05\/FCSH_preto-300x90.png\" alt=\"\" width=\"226\" height=\"68\" srcset=\"https:\/\/www.hypernietzsche.org\/wp-content\/uploads\/2025\/05\/FCSH_preto-300x90.png 300w, https:\/\/www.hypernietzsche.org\/wp-content\/uploads\/2025\/05\/FCSH_preto.png 704w\" sizes=\"auto, (max-width: 226px) 85vw, 226px\" \/><\/p>\n<hr \/>\n<p>&nbsp;<\/p>\n","protected":false},"excerpt":{"rendered":"<p>Humanidade \/ Humanidades Lisboa, 10-12 novembro 2025 NOVA \/ FCSH, Campus da Av. de Berna, Audit\u00f3rio B1 &nbsp; 10 Novembre ______________________________________________ 10h-11h\u00a0 \u00a0Recep\u00e7\u00e3o 11h-11h30\u00a0 \u00a0Introdu\u00e7\u00e3o (P. Gori, P. D&#8217;Iorio e H. Heit) 11h30-13h\u00a0 \u00a0Humanidade e Humanismo Paolo D\u2019Iorio, L\u2019isola e l\u2019impero Maria Cristina Fornari, Un uomo di l\u00e0 da venire: Nietzsche e il compito dell\u2019individuo&#8230;<\/p>\n","protected":false},"author":4,"featured_media":0,"parent":0,"menu_order":0,"comment_status":"closed","ping_status":"closed","template":"","meta":{"_acf_changed":false,"footnotes":""},"class_list":["post-11835","page","type-page","status-publish","hentry"],"acf":[],"_links":{"self":[{"href":"https:\/\/www.hypernietzsche.org\/es\/wp-json\/wp\/v2\/pages\/11835","targetHints":{"allow":["GET"]}}],"collection":[{"href":"https:\/\/www.hypernietzsche.org\/es\/wp-json\/wp\/v2\/pages"}],"about":[{"href":"https:\/\/www.hypernietzsche.org\/es\/wp-json\/wp\/v2\/types\/page"}],"author":[{"embeddable":true,"href":"https:\/\/www.hypernietzsche.org\/es\/wp-json\/wp\/v2\/users\/4"}],"replies":[{"embeddable":true,"href":"https:\/\/www.hypernietzsche.org\/es\/wp-json\/wp\/v2\/comments?post=11835"}],"version-history":[{"count":2,"href":"https:\/\/www.hypernietzsche.org\/es\/wp-json\/wp\/v2\/pages\/11835\/revisions"}],"predecessor-version":[{"id":11846,"href":"https:\/\/www.hypernietzsche.org\/es\/wp-json\/wp\/v2\/pages\/11835\/revisions\/11846"}],"wp:attachment":[{"href":"https:\/\/www.hypernietzsche.org\/es\/wp-json\/wp\/v2\/media?parent=11835"}],"curies":[{"name":"wp","href":"https:\/\/api.w.org\/{rel}","templated":true}]}}